{"id":406,"date":"2021-06-22T21:36:21","date_gmt":"2021-06-22T19:36:21","guid":{"rendered":"http:\/\/test2.kamen.de\/?page_id=406"},"modified":"2026-04-20T18:27:52","modified_gmt":"2026-04-20T16:27:52","slug":"loeschzug-3","status":"publish","type":"page","link":"https:\/\/feuerwehr.kamen.de\/?page_id=406","title":{"rendered":"L\u00f6schzug 3"},"content":{"rendered":"\t\t<div data-elementor-type=\"wp-page\" data-elementor-id=\"406\" class=\"elementor elementor-406\" data-elementor-post-type=\"page\">\n\t\t\t\t\t\t<section class=\"elementor-section elementor-top-section elementor-element elementor-element-be01594 elementor-section-full_width cus-diashow elementor-section-height-default elementor-section-height-default\" data-id=\"be01594\" data-element_type=\"section\" data-e-type=\"section\" data-settings=\"{&quot;background_background&quot;:&quot;classic&quot;}\">\n\t\t\t\t\t\t<div class=\"elementor-container elementor-column-gap-no\">\n\t\t\t\t\t<div class=\"elementor-column elementor-col-50 elementor-top-column elementor-element elementor-element-9a60260\" data-id=\"9a60260\" data-element_type=\"column\" data-e-type=\"column\" data-settings=\"{&quot;background_background&quot;:&quot;classic&quot;}\">\n\t\t\t<div class=\"elementor-widget-wrap elementor-element-populated\">\n\t\t\t\t\t\t<div class=\"elementor-element elementor-element-18a9b87 elementor-widget elementor-widget-heading\" data-id=\"18a9b87\" data-element_type=\"widget\" data-e-type=\"widget\" data-widget_type=\"heading.default\">\n\t\t\t\t<div class=\"elementor-widget-container\">\n\t\t\t\t\t<div class=\"elementor-heading-title elementor-size-xl\">L\u00d6SCHZUG 3<\/div>\t\t\t\t<\/div>\n\t\t\t\t<\/div>\n\t\t\t\t\t<\/div>\n\t\t<\/div>\n\t\t\t\t<div class=\"elementor-column elementor-col-50 elementor-top-column elementor-element elementor-element-ad25f05\" data-id=\"ad25f05\" data-element_type=\"column\" data-e-type=\"column\" data-settings=\"{&quot;background_background&quot;:&quot;classic&quot;}\">\n\t\t\t<div class=\"elementor-widget-wrap\">\n\t\t\t\t\t\t\t<\/div>\n\t\t<\/div>\n\t\t\t\t\t<\/div>\n\t\t<\/section>\n\t\t\t\t<section class=\"elementor-section elementor-top-section elementor-element elementor-element-fbff838 elementor-section-boxed elementor-section-height-default elementor-section-height-default\" data-id=\"fbff838\" data-element_type=\"section\" data-e-type=\"section\">\n\t\t\t\t\t\t<div class=\"elementor-container elementor-column-gap-default\">\n\t\t\t\t\t<div class=\"elementor-column elementor-col-100 elementor-top-column elementor-element elementor-element-1ba6d56\" data-id=\"1ba6d56\" data-element_type=\"column\" data-e-type=\"column\">\n\t\t\t<div class=\"elementor-widget-wrap elementor-element-populated\">\n\t\t\t\t\t\t<div class=\"elementor-element elementor-element-68210b1 elementor-widget elementor-widget-text-editor\" data-id=\"68210b1\" data-element_type=\"widget\" data-e-type=\"widget\" data-widget_type=\"text-editor.default\">\n\t\t\t\t<div class=\"elementor-widget-container\">\n\t\t\t\t\t\t\t\t\t<p>Der L\u00f6schzug 3 Kamen-Heeren-Werve\/Rottum im Osten der Stadt Kamen gliedert sich in zwei L\u00f6schgruppen:<\/p>\n<p>Das Feuerwehrhaus der L\u00f6schgruppe Heeren-Werve liegt im Zentrum des Ortes an der Mittelstra\u00dfe.<\/p>\n<p>Die L\u00f6schgruppe Rottum hat ihre Heimat im Feuerwehrhaus an der Rottumer Stra\u00dfe.<\/p>\n<p>Vorausgegangene Brandungl\u00fccke veranlassten die Heerener B\u00fcrger bereits im Jahr 1903 zur Gr\u00fcndung der Feuerwehr Heeren.<\/p>\n<p>1909 folgten die B\u00fcrger des zum damaligen Zeitpunkt noch getrennten Ortsteils Werve und gr\u00fcndeten eine eigene Feuerwehr mit eigenem Standort.<\/p>\n<p>Stetiges Wachstum und ein wachsender Fuhrpark verlangten auch ein Wachstum der ben\u00f6tigten R\u00e4umlichkeiten und so bezogen die Kameraden 1910 ihr Domizil an der Mittelstra\u00dfe.<\/p>\n<p>1911 wurden die beiden Feuerwehren dann zum L\u00f6schzug Kamen-Heeren-Werve zusammengefasst.<\/p>\n<p>1943 erfolgte ein gro\u00dfz\u00fcgiger Ausbau des Standortes an der Mittelstra\u00dfe und so wurde das Feuerwehrger\u00e4tehaus zu einem Hauptst\u00fctzpunkt des Amtes Unna-Kamen und des ganzes Kreises Unna. Neben der Stationierung einiger Sonderfahrzeuge war auch die Kreisschlauchpflege in Heeren untergebracht.<\/p>\n<p>Im Jahre 1949 wurde der Standort im Ortsteil Werve aufgegeben und das Feuerwehrger\u00e4tehaus Heeren wurde zur Heimat des L\u00f6schzuges Kamen-Heeren-Werve.<\/p>\n<p>Nach einer Umorganisation der Feuerwehr Kamen im Jahre 1982 erhielten die Kameraden aus Heeren-Werve zus\u00e4tzliche Unterst\u00fctzung. Die L\u00f6schgruppe Rottum wurde dem L\u00f6schzug Kamen-Heeren-Werve zugeordnet. Noch bis heute bilden diese beiden L\u00f6schgruppen den L\u00f6schzug 3 der Freiwilligen Feuerwehr der Stadt Kamen.<\/p>\n<p>Zu den Einsatzschwerpunkten des L\u00f6schzuges Kamen-Heeren-Werve\/Rottum geh\u00f6rt neben dem Schutz von insgesamt ca. 8400 Einwohnern in den beiden Ortsteilen auch die Unterst\u00fctzung bei gr\u00f6\u00dferen Einsatzlagen im gesamten Stadtgebiet.<\/p>\n<p>Mit dem in Heeren stationierten Tankl\u00f6schfahrzeug r\u00fccken die Kameraden regelm\u00e4\u00dfig zu Fl\u00e4chenbr\u00e4nden oder gemeldeten LKW-Br\u00e4nden im Bereich der Bundesautobahn aus.<\/p>\n<p>Der L\u00f6schzug Kamen-Heeren-Werve\/Rottum in Zahlen:<\/p>\n<p>Durchschnittliches Einsatzaufkommen: ca.80 Alarmierungen\/pro Jahr<\/p>\n<p>Mitgliederzahl: 67 aktive Mitglieder<\/p>\n<p>Hinzu kommen 11 Mitglieder in der gemeinsamen Alters- und Ehrenabteilung.<\/p>\t\t\t\t\t\t\t\t<\/div>\n\t\t\t\t<\/div>\n\t\t\t\t\t<\/div>\n\t\t<\/div>\n\t\t\t\t\t<\/div>\n\t\t<\/section>\n\t\t\t\t<section class=\"elementor-section elementor-top-section elementor-element elementor-element-74b8274 elementor-section-boxed elementor-section-height-default elementor-section-height-default\" data-id=\"74b8274\" data-element_type=\"section\" data-e-type=\"section\">\n\t\t\t\t\t\t<div class=\"elementor-container elementor-column-gap-default\">\n\t\t\t\t\t<div class=\"elementor-column elementor-col-100 elementor-top-column elementor-element elementor-element-ad93a0d\" data-id=\"ad93a0d\" data-element_type=\"column\" data-e-type=\"column\">\n\t\t\t<div class=\"elementor-widget-wrap elementor-element-populated\">\n\t\t\t\t\t\t<div class=\"elementor-element elementor-element-ffb08c4 elementor-widget elementor-widget-heading\" data-id=\"ffb08c4\" data-element_type=\"widget\" data-e-type=\"widget\" data-widget_type=\"heading.default\">\n\t\t\t\t<div class=\"elementor-widget-container\">\n\t\t\t\t\t<h2 class=\"elementor-heading-title elementor-size-default\">Dienstplan<\/h2>\t\t\t\t<\/div>\n\t\t\t\t<\/div>\n\t\t\t\t\t<\/div>\n\t\t<\/div>\n\t\t\t\t\t<\/div>\n\t\t<\/section>\n\t\t\t\t<section class=\"elementor-section elementor-top-section elementor-element elementor-element-cd76b4c elementor-section-boxed elementor-section-height-default elementor-section-height-default\" data-id=\"cd76b4c\" data-element_type=\"section\" data-e-type=\"section\">\n\t\t\t\t\t\t<div class=\"elementor-container elementor-column-gap-default\">\n\t\t\t\t\t<div class=\"elementor-column elementor-col-50 elementor-top-column elementor-element elementor-element-8cb4f02\" data-id=\"8cb4f02\" data-element_type=\"column\" data-e-type=\"column\">\n\t\t\t<div class=\"elementor-widget-wrap elementor-element-populated\">\n\t\t\t\t\t\t<div class=\"elementor-element elementor-element-40e1560 elementor-widget elementor-widget-text-editor\" data-id=\"40e1560\" data-element_type=\"widget\" data-e-type=\"widget\" data-widget_type=\"text-editor.default\">\n\t\t\t\t<div class=\"elementor-widget-container\">\n\t\t\t\t\t\t\t\t\t<p><strong>Dienstplan Heeren<\/strong><\/p><p>Zu Beginn der Dienste treffen wir uns immer im Feuerwehrhaus an der Mittelstra\u00dfe. Die Praxisausbildung findet haupts\u00e4chlich auf dem Gel\u00e4nde der Feuerwehr statt, kann aber auch an anderer Stelle geschehen.<\/p>\t\t\t\t\t\t\t\t<\/div>\n\t\t\t\t<\/div>\n\t\t\t\t\t<\/div>\n\t\t<\/div>\n\t\t\t\t<div class=\"elementor-column elementor-col-50 elementor-top-column elementor-element elementor-element-be74303\" data-id=\"be74303\" data-element_type=\"column\" data-e-type=\"column\">\n\t\t\t<div class=\"elementor-widget-wrap elementor-element-populated\">\n\t\t\t\t\t\t<div class=\"elementor-element elementor-element-bd28c5c elementor-widget elementor-widget-text-editor\" data-id=\"bd28c5c\" data-element_type=\"widget\" data-e-type=\"widget\" data-widget_type=\"text-editor.default\">\n\t\t\t\t<div class=\"elementor-widget-container\">\n\t\t\t\t\t\t\t\t\t<p><strong>Dienstplan Rottum<\/strong><\/p><p>Zu Beginn der Dienste treffen wir uns immer im Feuerwehrhaus an der Rottumer Stra\u00dfe. Die Praxisausbildung findet haupts\u00e4chlich auf dem Gel\u00e4nde der Feuerwehr statt, kann aber auch an anderer Stelle geschehen.<\/p>\t\t\t\t\t\t\t\t<\/div>\n\t\t\t\t<\/div>\n\t\t\t\t\t<\/div>\n\t\t<\/div>\n\t\t\t\t\t<\/div>\n\t\t<\/section>\n\t\t\t\t<section class=\"elementor-section elementor-top-section elementor-element elementor-element-99748e0 elementor-section-boxed elementor-section-height-default elementor-section-height-default\" data-id=\"99748e0\" data-element_type=\"section\" data-e-type=\"section\">\n\t\t\t\t\t\t<div class=\"elementor-container elementor-column-gap-default\">\n\t\t\t\t\t<div class=\"elementor-column elementor-col-50 elementor-top-column elementor-element elementor-element-66e229b\" data-id=\"66e229b\" data-element_type=\"column\" data-e-type=\"column\">\n\t\t\t<div class=\"elementor-widget-wrap elementor-element-populated\">\n\t\t\t\t\t\t<div class=\"elementor-element elementor-element-222c461 elementor-widget elementor-widget-image\" data-id=\"222c461\" data-element_type=\"widget\" data-e-type=\"widget\" data-widget_type=\"image.default\">\n\t\t\t\t<div class=\"elementor-widget-container\">\n\t\t\t\t\t\t\t\t\t\t\t\t\t\t\t\t<a href=\"https:\/\/feuerwehr.kamen.de\/wp-content\/uploads\/2026\/01\/Heeren26.jpg\" data-elementor-open-lightbox=\"yes\" data-elementor-lightbox-title=\"Heeren26\" data-e-action-hash=\"#elementor-action%3Aaction%3Dlightbox%26settings%3DeyJpZCI6NTY4OSwidXJsIjoiaHR0cHM6XC9cL2ZldWVyd2Voci5rYW1lbi5kZVwvd3AtY29udGVudFwvdXBsb2Fkc1wvMjAyNlwvMDFcL0hlZXJlbjI2LmpwZyJ9\">\n\t\t\t\t\t\t\t<img fetchpriority=\"high\" decoding=\"async\" width=\"1190\" height=\"1683\" src=\"https:\/\/feuerwehr.kamen.de\/wp-content\/uploads\/2026\/01\/Heeren26.jpg\" class=\"attachment-2048x2048 size-2048x2048 wp-image-5689\" alt=\"\" srcset=\"https:\/\/feuerwehr.kamen.de\/wp-content\/uploads\/2026\/01\/Heeren26.jpg 1190w, https:\/\/feuerwehr.kamen.de\/wp-content\/uploads\/2026\/01\/Heeren26-212x300.jpg 212w, https:\/\/feuerwehr.kamen.de\/wp-content\/uploads\/2026\/01\/Heeren26-724x1024.jpg 724w, https:\/\/feuerwehr.kamen.de\/wp-content\/uploads\/2026\/01\/Heeren26-768x1086.jpg 768w, https:\/\/feuerwehr.kamen.de\/wp-content\/uploads\/2026\/01\/Heeren26-1086x1536.jpg 1086w\" sizes=\"(max-width: 1190px) 100vw, 1190px\" \/>\t\t\t\t\t\t\t\t<\/a>\n\t\t\t\t\t\t\t\t\t\t\t\t\t\t\t<\/div>\n\t\t\t\t<\/div>\n\t\t\t\t\t<\/div>\n\t\t<\/div>\n\t\t\t\t<div class=\"elementor-column elementor-col-50 elementor-top-column elementor-element elementor-element-bf41e0d\" data-id=\"bf41e0d\" data-element_type=\"column\" data-e-type=\"column\">\n\t\t\t<div class=\"elementor-widget-wrap elementor-element-populated\">\n\t\t\t\t\t\t<div class=\"elementor-element elementor-element-f071ff0 elementor-widget elementor-widget-image\" data-id=\"f071ff0\" data-element_type=\"widget\" data-e-type=\"widget\" data-widget_type=\"image.default\">\n\t\t\t\t<div class=\"elementor-widget-container\">\n\t\t\t\t\t\t\t\t\t\t\t\t\t\t\t\t<a href=\"https:\/\/feuerwehr.kamen.de\/wp-content\/uploads\/2026\/01\/Rottum26-1.jpg\" data-elementor-open-lightbox=\"yes\" data-elementor-lightbox-title=\"Rottum26\" data-e-action-hash=\"#elementor-action%3Aaction%3Dlightbox%26settings%3DeyJpZCI6NTcwMCwidXJsIjoiaHR0cHM6XC9cL2ZldWVyd2Voci5rYW1lbi5kZVwvd3AtY29udGVudFwvdXBsb2Fkc1wvMjAyNlwvMDFcL1JvdHR1bTI2LTEuanBnIn0%3D\">\n\t\t\t\t\t\t\t<img decoding=\"async\" width=\"1190\" height=\"1683\" src=\"https:\/\/feuerwehr.kamen.de\/wp-content\/uploads\/2026\/01\/Rottum26-1.jpg\" class=\"attachment-2048x2048 size-2048x2048 wp-image-5700\" alt=\"\" srcset=\"https:\/\/feuerwehr.kamen.de\/wp-content\/uploads\/2026\/01\/Rottum26-1.jpg 1190w, https:\/\/feuerwehr.kamen.de\/wp-content\/uploads\/2026\/01\/Rottum26-1-212x300.jpg 212w, https:\/\/feuerwehr.kamen.de\/wp-content\/uploads\/2026\/01\/Rottum26-1-724x1024.jpg 724w, https:\/\/feuerwehr.kamen.de\/wp-content\/uploads\/2026\/01\/Rottum26-1-768x1086.jpg 768w, https:\/\/feuerwehr.kamen.de\/wp-content\/uploads\/2026\/01\/Rottum26-1-1086x1536.jpg 1086w\" sizes=\"(max-width: 1190px) 100vw, 1190px\" \/>\t\t\t\t\t\t\t\t<\/a>\n\t\t\t\t\t\t\t\t\t\t\t\t\t\t\t<\/div>\n\t\t\t\t<\/div>\n\t\t\t\t\t<\/div>\n\t\t<\/div>\n\t\t\t\t\t<\/div>\n\t\t<\/section>\n\t\t\t\t<section class=\"elementor-section elementor-top-section elementor-element elementor-element-8e59ba4 elementor-section-boxed elementor-section-height-default elementor-section-height-default\" data-id=\"8e59ba4\" data-element_type=\"section\" data-e-type=\"section\" data-settings=\"{&quot;background_background&quot;:&quot;classic&quot;}\">\n\t\t\t\t\t\t<div class=\"elementor-container elementor-column-gap-default\">\n\t\t\t\t\t<div class=\"elementor-column elementor-col-50 elementor-top-column elementor-element elementor-element-7caafcc\" data-id=\"7caafcc\" data-element_type=\"column\" data-e-type=\"column\">\n\t\t\t<div class=\"elementor-widget-wrap elementor-element-populated\">\n\t\t\t\t\t\t<div class=\"elementor-element elementor-element-d3ae989 elementor-view-default elementor-widget elementor-widget-icon\" data-id=\"d3ae989\" data-element_type=\"widget\" data-e-type=\"widget\" data-widget_type=\"icon.default\">\n\t\t\t\t<div class=\"elementor-widget-container\">\n\t\t\t\t\t\t\t<div class=\"elementor-icon-wrapper\">\n\t\t\t<div class=\"elementor-icon\">\n\t\t\t<i aria-hidden=\"true\" class=\"fas fa-phone-alt\"><\/i>\t\t\t<\/div>\n\t\t<\/div>\n\t\t\t\t\t\t<\/div>\n\t\t\t\t<\/div>\n\t\t\t\t\t<\/div>\n\t\t<\/div>\n\t\t\t\t<div class=\"elementor-column elementor-col-50 elementor-top-column elementor-element elementor-element-bc74159\" data-id=\"bc74159\" data-element_type=\"column\" data-e-type=\"column\">\n\t\t\t<div class=\"elementor-widget-wrap elementor-element-populated\">\n\t\t\t\t\t\t<div class=\"elementor-element elementor-element-1a8b9a7 elementor-widget elementor-widget-text-editor\" data-id=\"1a8b9a7\" data-element_type=\"widget\" data-e-type=\"widget\" data-widget_type=\"text-editor.default\">\n\t\t\t\t<div class=\"elementor-widget-container\">\n\t\t\t\t\t\t\t\t\t<h3>Telefon<\/h3>\t\t\t\t\t\t\t\t<\/div>\n\t\t\t\t<\/div>\n\t\t\t\t\t<\/div>\n\t\t<\/div>\n\t\t\t\t\t<\/div>\n\t\t<\/section>\n\t\t\t\t<section class=\"elementor-section elementor-top-section elementor-element elementor-element-a18e197 elementor-section-boxed elementor-section-height-default elementor-section-height-default\" data-id=\"a18e197\" data-element_type=\"section\" data-e-type=\"section\" data-settings=\"{&quot;background_background&quot;:&quot;classic&quot;}\">\n\t\t\t\t\t\t<div class=\"elementor-container elementor-column-gap-default\">\n\t\t\t\t\t<div class=\"elementor-column elementor-col-33 elementor-top-column elementor-element elementor-element-2691540\" data-id=\"2691540\" data-element_type=\"column\" data-e-type=\"column\">\n\t\t\t<div class=\"elementor-widget-wrap elementor-element-populated\">\n\t\t\t\t\t\t<div class=\"elementor-element elementor-element-befbe5d elementor-widget elementor-widget-text-editor\" data-id=\"befbe5d\" data-element_type=\"widget\" data-e-type=\"widget\" data-widget_type=\"text-editor.default\">\n\t\t\t\t<div class=\"elementor-widget-container\">\n\t\t\t\t\t\t\t\t\t<p><b class=\"contentbold\">Feuerwehrhaus Heeren:<\/b><br \/>02307 \/ 40284 (nur zu Dienstzeiten)<\/p>\t\t\t\t\t\t\t\t<\/div>\n\t\t\t\t<\/div>\n\t\t\t\t\t<\/div>\n\t\t<\/div>\n\t\t\t\t<div class=\"elementor-column elementor-col-33 elementor-top-column elementor-element elementor-element-0c65079\" data-id=\"0c65079\" data-element_type=\"column\" data-e-type=\"column\">\n\t\t\t<div class=\"elementor-widget-wrap elementor-element-populated\">\n\t\t\t\t\t\t<div class=\"elementor-element elementor-element-3aacfb8 elementor-widget elementor-widget-text-editor\" data-id=\"3aacfb8\" data-element_type=\"widget\" data-e-type=\"widget\" data-widget_type=\"text-editor.default\">\n\t\t\t\t<div class=\"elementor-widget-container\">\n\t\t\t\t\t\t\t\t\t<p><b class=\"contentbold\">Feuerwehrhaus Rottum:<\/b><br \/>02307 \/ 9834632 (nur zu Dienstzeiten)<\/p>\t\t\t\t\t\t\t\t<\/div>\n\t\t\t\t<\/div>\n\t\t\t\t\t<\/div>\n\t\t<\/div>\n\t\t\t\t<div class=\"elementor-column elementor-col-33 elementor-top-column elementor-element elementor-element-db1e99a\" data-id=\"db1e99a\" data-element_type=\"column\" data-e-type=\"column\">\n\t\t\t<div class=\"elementor-widget-wrap\">\n\t\t\t\t\t\t\t<\/div>\n\t\t<\/div>\n\t\t\t\t\t<\/div>\n\t\t<\/section>\n\t\t\t\t<section class=\"elementor-section elementor-top-section elementor-element elementor-element-3245781 elementor-section-boxed elementor-section-height-default elementor-section-height-default\" data-id=\"3245781\" data-element_type=\"section\" data-e-type=\"section\" data-settings=\"{&quot;background_background&quot;:&quot;classic&quot;}\">\n\t\t\t\t\t\t<div class=\"elementor-container elementor-column-gap-default\">\n\t\t\t\t\t<div class=\"elementor-column elementor-col-50 elementor-top-column elementor-element elementor-element-0fc1f4e\" data-id=\"0fc1f4e\" data-element_type=\"column\" data-e-type=\"column\">\n\t\t\t<div class=\"elementor-widget-wrap elementor-element-populated\">\n\t\t\t\t\t\t<div class=\"elementor-element elementor-element-6b49cbe elementor-view-default elementor-widget elementor-widget-icon\" data-id=\"6b49cbe\" data-element_type=\"widget\" data-e-type=\"widget\" data-widget_type=\"icon.default\">\n\t\t\t\t<div class=\"elementor-widget-container\">\n\t\t\t\t\t\t\t<div class=\"elementor-icon-wrapper\">\n\t\t\t<div class=\"elementor-icon\">\n\t\t\t<i aria-hidden=\"true\" class=\"far fa-user\"><\/i>\t\t\t<\/div>\n\t\t<\/div>\n\t\t\t\t\t\t<\/div>\n\t\t\t\t<\/div>\n\t\t\t\t\t<\/div>\n\t\t<\/div>\n\t\t\t\t<div class=\"elementor-column elementor-col-50 elementor-top-column elementor-element elementor-element-e2cf449\" data-id=\"e2cf449\" data-element_type=\"column\" data-e-type=\"column\">\n\t\t\t<div class=\"elementor-widget-wrap elementor-element-populated\">\n\t\t\t\t\t\t<div class=\"elementor-element elementor-element-6ecf53c elementor-widget elementor-widget-text-editor\" data-id=\"6ecf53c\" data-element_type=\"widget\" data-e-type=\"widget\" data-widget_type=\"text-editor.default\">\n\t\t\t\t<div class=\"elementor-widget-container\">\n\t\t\t\t\t\t\t\t\t<h3>Kontakt<\/h3>\t\t\t\t\t\t\t\t<\/div>\n\t\t\t\t<\/div>\n\t\t\t\t\t<\/div>\n\t\t<\/div>\n\t\t\t\t\t<\/div>\n\t\t<\/section>\n\t\t\t\t<section class=\"elementor-section elementor-top-section elementor-element elementor-element-9ca80e6 elementor-section-boxed elementor-section-height-default elementor-section-height-default\" data-id=\"9ca80e6\" data-element_type=\"section\" data-e-type=\"section\" data-settings=\"{&quot;background_background&quot;:&quot;classic&quot;}\">\n\t\t\t\t\t\t<div class=\"elementor-container elementor-column-gap-default\">\n\t\t\t\t\t<div class=\"elementor-column elementor-col-33 elementor-top-column elementor-element elementor-element-2869426\" data-id=\"2869426\" data-element_type=\"column\" data-e-type=\"column\">\n\t\t\t<div class=\"elementor-widget-wrap elementor-element-populated\">\n\t\t\t\t\t\t<div class=\"elementor-element elementor-element-bbc1d39 elementor-widget elementor-widget-text-editor\" data-id=\"bbc1d39\" data-element_type=\"widget\" data-e-type=\"widget\" data-widget_type=\"text-editor.default\">\n\t\t\t\t<div class=\"elementor-widget-container\">\n\t\t\t\t\t\t\t\t\t<p><b class=\"contentbold\">Zugf\u00fchrer<\/b><br \/>\u00a0N.N.<br \/><span style=\"color: #800000;\"><a class=\"mail\" style=\"color: #800000;\" title=\"E-Mail an \" href=\"mailto:presse@feuerwehr.kamen.de\">presse@feuerwehr.kamen.de<\/a><\/span><\/p>\t\t\t\t\t\t\t\t<\/div>\n\t\t\t\t<\/div>\n\t\t\t\t\t<\/div>\n\t\t<\/div>\n\t\t\t\t<div class=\"elementor-column elementor-col-33 elementor-top-column elementor-element elementor-element-c7f18dc\" data-id=\"c7f18dc\" data-element_type=\"column\" data-e-type=\"column\">\n\t\t\t<div class=\"elementor-widget-wrap elementor-element-populated\">\n\t\t\t\t\t\t<div class=\"elementor-element elementor-element-debde5b elementor-widget elementor-widget-text-editor\" data-id=\"debde5b\" data-element_type=\"widget\" data-e-type=\"widget\" data-widget_type=\"text-editor.default\">\n\t\t\t\t<div class=\"elementor-widget-container\">\n\t\t\t\t\t\t\t\t\t<p><b class=\"contentbold\">Jugendfeuerwehrwart<\/b><br \/>HBM Daniel Beyer<br \/><span style=\"color: #800000;\"><a class=\"mail\" style=\"color: #800000;\" title=\"E-Mail an \" href=\"mailto:daniel.beyer@feuerwehr.kamen.de\">daniel.beyer@feuerwehr.kamen.de<\/a><\/span><\/p>\t\t\t\t\t\t\t\t<\/div>\n\t\t\t\t<\/div>\n\t\t\t\t\t<\/div>\n\t\t<\/div>\n\t\t\t\t<div class=\"elementor-column elementor-col-33 elementor-top-column elementor-element elementor-element-f40d8a0\" data-id=\"f40d8a0\" data-element_type=\"column\" data-e-type=\"column\">\n\t\t\t<div class=\"elementor-widget-wrap\">\n\t\t\t\t\t\t\t<\/div>\n\t\t<\/div>\n\t\t\t\t\t<\/div>\n\t\t<\/section>\n\t\t\t\t<section class=\"elementor-section elementor-top-section elementor-element elementor-element-199a357 elementor-section-boxed elementor-section-height-default elementor-section-height-default\" data-id=\"199a357\" data-element_type=\"section\" data-e-type=\"section\" data-settings=\"{&quot;background_background&quot;:&quot;classic&quot;}\">\n\t\t\t\t\t\t<div class=\"elementor-container elementor-column-gap-default\">\n\t\t\t\t\t<div class=\"elementor-column elementor-col-50 elementor-top-column elementor-element elementor-element-1d06667\" data-id=\"1d06667\" data-element_type=\"column\" data-e-type=\"column\">\n\t\t\t<div class=\"elementor-widget-wrap elementor-element-populated\">\n\t\t\t\t\t\t<div class=\"elementor-element elementor-element-c1de68c elementor-view-default elementor-widget elementor-widget-icon\" data-id=\"c1de68c\" data-element_type=\"widget\" data-e-type=\"widget\" data-widget_type=\"icon.default\">\n\t\t\t\t<div class=\"elementor-widget-container\">\n\t\t\t\t\t\t\t<div class=\"elementor-icon-wrapper\">\n\t\t\t<div class=\"elementor-icon\">\n\t\t\t<i aria-hidden=\"true\" class=\"far fa-map\"><\/i>\t\t\t<\/div>\n\t\t<\/div>\n\t\t\t\t\t\t<\/div>\n\t\t\t\t<\/div>\n\t\t\t\t\t<\/div>\n\t\t<\/div>\n\t\t\t\t<div class=\"elementor-column elementor-col-50 elementor-top-column elementor-element elementor-element-e3b1de1\" data-id=\"e3b1de1\" data-element_type=\"column\" data-e-type=\"column\">\n\t\t\t<div class=\"elementor-widget-wrap elementor-element-populated\">\n\t\t\t\t\t\t<div class=\"elementor-element elementor-element-b6d5aca elementor-widget elementor-widget-text-editor\" data-id=\"b6d5aca\" data-element_type=\"widget\" data-e-type=\"widget\" data-widget_type=\"text-editor.default\">\n\t\t\t\t<div class=\"elementor-widget-container\">\n\t\t\t\t\t\t\t\t\t<h3 id=\"a4\" class=\"heading2\">Postanschriften<\/h3>\t\t\t\t\t\t\t\t<\/div>\n\t\t\t\t<\/div>\n\t\t\t\t\t<\/div>\n\t\t<\/div>\n\t\t\t\t\t<\/div>\n\t\t<\/section>\n\t\t\t\t<section class=\"elementor-section elementor-top-section elementor-element elementor-element-e66045b elementor-section-boxed elementor-section-height-default elementor-section-height-default\" data-id=\"e66045b\" data-element_type=\"section\" data-e-type=\"section\" data-settings=\"{&quot;background_background&quot;:&quot;classic&quot;}\">\n\t\t\t\t\t\t<div class=\"elementor-container elementor-column-gap-default\">\n\t\t\t\t\t<div class=\"elementor-column elementor-col-50 elementor-top-column elementor-element elementor-element-c0cec8c\" data-id=\"c0cec8c\" data-element_type=\"column\" data-e-type=\"column\">\n\t\t\t<div class=\"elementor-widget-wrap elementor-element-populated\">\n\t\t\t\t\t\t<div class=\"elementor-element elementor-element-fef3837 elementor-widget elementor-widget-text-editor\" data-id=\"fef3837\" data-element_type=\"widget\" data-e-type=\"widget\" data-widget_type=\"text-editor.default\">\n\t\t\t\t<div class=\"elementor-widget-container\">\n\t\t\t\t\t\t\t\t\t<p><b class=\"contentbold\">Freiwillige Feuerwehr Stadt Kamen<br \/>L\u00f6schgruppe Heeren-Werve<\/b><br \/>Mittelstra\u00dfe 49a<br \/>59174 Kamen<\/p>\t\t\t\t\t\t\t\t<\/div>\n\t\t\t\t<\/div>\n\t\t\t\t\t<\/div>\n\t\t<\/div>\n\t\t\t\t<div class=\"elementor-column elementor-col-50 elementor-top-column elementor-element elementor-element-d8628cc\" data-id=\"d8628cc\" data-element_type=\"column\" data-e-type=\"column\">\n\t\t\t<div class=\"elementor-widget-wrap elementor-element-populated\">\n\t\t\t\t\t\t<div class=\"elementor-element elementor-element-9c4b17b elementor-widget elementor-widget-text-editor\" data-id=\"9c4b17b\" data-element_type=\"widget\" data-e-type=\"widget\" data-widget_type=\"text-editor.default\">\n\t\t\t\t<div class=\"elementor-widget-container\">\n\t\t\t\t\t\t\t\t\t<p><b class=\"contentbold\">Freiwillige Feuerwehr Stadt Kamen<br \/>L\u00f6schgruppe Rottum<\/b><br \/>Rottumer Stra\u00dfe 16<br \/>59174 Kamen<\/p>\t\t\t\t\t\t\t\t<\/div>\n\t\t\t\t<\/div>\n\t\t\t\t\t<\/div>\n\t\t<\/div>\n\t\t\t\t\t<\/div>\n\t\t<\/section>\n\t\t\t\t<\/div>\n\t\t","protected":false},"excerpt":{"rendered":"<p>L\u00d6SCHZUG 3 Der L\u00f6schzug 3 Kamen-Heeren-Werve\/Rottum im Osten der Stadt Kamen gliedert sich in zwei L\u00f6schgruppen: Das Feuerwehrhaus der L\u00f6schgruppe Heeren-Werve liegt im Zentrum des Ortes an der Mittelstra\u00dfe. Die&hellip;&nbsp;<a href=\"https:\/\/feuerwehr.kamen.de\/?page_id=406\" rel=\"bookmark\">Weiterlesen &raquo;<span class=\"screen-reader-text\">L\u00f6schzug 3<\/span><\/a><\/p>\n","protected":false},"author":1,"featured_media":0,"parent":0,"menu_order":0,"comment_status":"closed","ping_status":"closed","template":"page-templates\/template-pagebuilder-full-width.php","meta":{"neve_meta_sidebar":"","neve_meta_container":"","neve_meta_enable_content_width":"","neve_meta_content_width":0,"neve_meta_title_alignment":"","neve_meta_author_avatar":"","neve_post_elements_order":"","neve_meta_disable_header":"","neve_meta_disable_footer":"","neve_meta_disable_title":"","footnotes":""},"class_list":["post-406","page","type-page","status-publish","hentry"],"_links":{"self":[{"href":"https:\/\/feuerwehr.kamen.de\/index.php?rest_route=\/wp\/v2\/pages\/406","targetHints":{"allow":["GET"]}}],"collection":[{"href":"https:\/\/feuerwehr.kamen.de\/index.php?rest_route=\/wp\/v2\/pages"}],"about":[{"href":"https:\/\/feuerwehr.kamen.de\/index.php?rest_route=\/wp\/v2\/types\/page"}],"author":[{"embeddable":true,"href":"https:\/\/feuerwehr.kamen.de\/index.php?rest_route=\/wp\/v2\/users\/1"}],"replies":[{"embeddable":true,"href":"https:\/\/feuerwehr.kamen.de\/index.php?rest_route=%2Fwp%2Fv2%2Fcomments&post=406"}],"version-history":[{"count":136,"href":"https:\/\/feuerwehr.kamen.de\/index.php?rest_route=\/wp\/v2\/pages\/406\/revisions"}],"predecessor-version":[{"id":5826,"href":"https:\/\/feuerwehr.kamen.de\/index.php?rest_route=\/wp\/v2\/pages\/406\/revisions\/5826"}],"wp:attachment":[{"href":"https:\/\/feuerwehr.kamen.de\/index.php?rest_route=%2Fwp%2Fv2%2Fmedia&parent=406"}],"curies":[{"name":"wp","href":"https:\/\/api.w.org\/{rel}","templated":true}]}}